{"id":734,"date":"2024-05-25T09:29:38","date_gmt":"2024-05-25T09:29:38","guid":{"rendered":"https:\/\/veganbusinesscircle.com\/?page_id=734"},"modified":"2024-06-26T08:31:30","modified_gmt":"2024-06-26T06:31:30","slug":"adatvedelem","status":"publish","type":"page","link":"https:\/\/veganbusinesscircle.com\/hu\/adatvedelem\/","title":{"rendered":"Adatv\u00e9delem"},"content":{"rendered":"\t\t<div data-elementor-type=\"wp-page\" data-elementor-id=\"734\" class=\"elementor elementor-734\" data-elementor-post-type=\"page\">\n\t\t\t\t<div class=\"elementor-element elementor-element-3c94db23 e-flex e-con-boxed e-con e-parent\" data-id=\"3c94db23\" data-element_type=\"container\" data-e-type=\"container\">\n\t\t\t\t\t<div class=\"e-con-inner\">\n\t\t\t\t<div class=\"elementor-element elementor-element-293c0ec6 elementor-widget elementor-widget-text-editor\" data-id=\"293c0ec6\" data-element_type=\"widget\" data-e-type=\"widget\" data-widget_type=\"text-editor.default\">\n\t\t\t\t<div class=\"elementor-widget-container\">\n\t\t\t\t\t\t\t\t\t<p><b>ADATKEZEL\u00c9SI\u00a0<\/b><b>SZAB\u00c1LYZAT<\/b><\/p><p>\u00a0<\/p><p><b>Hat\u00e1lyos: 2024.06.01-t\u0151l<\/b><\/p><p><br \/><br \/><b><\/b><\/p><ul><li aria-level=\"1\"><b>A Szab\u00e1lyzat c\u00e9lja<\/b><\/li><\/ul><p><b>\u00a0<\/b><\/p><ol><li style=\"font-weight: 400;\" aria-level=\"2\"><span style=\"font-weight: 400;\">Bevezet\u00e9s\u00a0<\/span><\/li><\/ol><p>\u00a0<\/p><p><span style=\"font-weight: 400;\">A jelen Adatkezel\u00e9si \u00e9s Adatv\u00e9delmi Szab\u00e1lyzat (a tov\u00e1bbiakban: Szab\u00e1lyzat) c\u00e9lja, hogy az Adatkezel\u0151 a <\/span><a href=\"https:\/\/www.veganbusinesscircle.hu\/\"><span style=\"font-weight: 400;\">https:\/\/www.veganbusinesscircle.hu\/<\/span><\/a><span style=\"font-weight: 400;\"> (\u00e9s <\/span><a href=\"https:\/\/novenyikonferencia.hu\/\"><span style=\"font-weight: 400;\">https:\/\/novenyikonferencia.hu\/<\/span><\/a> <span style=\"font-weight: 400;\">megnevez\u00e9s\u0171 internetes oldal\u00e1nak l\u00e1togat\u00f3i (a tov\u00e1bbiakban: \u00c9rintettek) sz\u00e1m\u00e1ra biztos\u00edtsa jogaik \u00e9s t\u00f6rv\u00e9nyes \u00e9rdekeinek v\u00e9delm\u00e9t az Adatkezel\u0151 webes adatkezel\u00e9sei sor\u00e1n, valamint el\u0151seg\u00edtse a webes \u00e9s egy\u00e9b adatkezel\u00e9sek sor\u00e1n az adatbiztons\u00e1g \u00e9rv\u00e9nyes\u00fcl\u00e9s\u00e9t.<\/span><\/p><p>\u00a0<\/p><p><span style=\"font-weight: 400;\">Az Adatkezel\u0151 webes adatkezel\u00e9seit \u00e9rint\u0151 adatkezel\u00e9sekkel kapcsolatos adatv\u00e9delmi rendelkez\u00e9seket, \u00e9s az Adatkezel\u00e9si Szab\u00e1lyzatot a <\/span><a href=\"https:\/\/www.veganbusinesscircle.hu\/\"><span style=\"font-weight: 400;\">https:\/\/www.veganbusinesscircle.hu\/<\/span><\/a><span style=\"font-weight: 400;\"> (\u00e9s <\/span><a href=\"https:\/\/novenyikonferencia.hu\/\"><span style=\"font-weight: 400;\">https:\/\/novenyikonferencia.hu\/<\/span><\/a><span style=\"font-weight: 400;\"> ) <\/span><span style=\"font-weight: 400;\">honlapon az Adatkezel\u00e9s men\u00fcpontban \u00e9rhet\u0151 el.\u00a0\u00a0<\/span><\/p><p><br \/><br \/><\/p><ol><li style=\"font-weight: 400;\" aria-level=\"2\"><span style=\"font-weight: 400;\">\u00c1ltal\u00e1nos rendelkez\u00e9sek<\/span><\/li><\/ol><p>\u00a0<\/p><p><span style=\"font-weight: 400;\">Adatkezel\u0151 az \u00c9rintettek joggyakorl\u00e1s\u00e1t a jelen Szab\u00e1lyzatban foglaltak szerint biztos\u00edtja, azzal, hogy az itt felsorolt adatkezel\u00e9sei sor\u00e1n az \u00c9rintettek jogainak tiszteletben tart\u00e1sa mellett j\u00e1r el.\u00a0<\/span><\/p><p>\u00a0<\/p><ol><li style=\"font-weight: 400;\" aria-level=\"2\"><span style=\"font-weight: 400;\">Adatkezel\u0151 a Szab\u00e1lyzat v\u00e1ltoztat\u00e1s\u00e1ra a jogot fenntartja.\u00a0<\/span><\/li><\/ol><p><span style=\"font-weight: 400;\">A jelen Szab\u00e1lyzat m\u00f3dos\u00edt\u00e1s\u00e1ra k\u00fcl\u00f6n\u00f6sen akkor ker\u00fclhet sor, ha \u00faj adatkezel\u00e9s sz\u00fcks\u00e9gess\u00e9ge mer\u00fcl fel, jogszab\u00e1lyv\u00e1ltoz\u00e1s, hat\u00f3s\u00e1gi gyakorlat v\u00e1ltoz\u00e1sa, \u00faj biztons\u00e1gi kock\u00e1zat, vagy az \u00e9rintettek visszajelz\u00e9se alapj\u00e1n indokolt.<\/span><\/p><p><span style=\"font-weight: 400;\">A m\u00f3dos\u00edt\u00e1sok, v\u00e1ltoztat\u00e1sok az Adatkezel\u0151<\/span> <a href=\"https:\/\/www.veganbusinesscircle.hu\/\"><span style=\"font-weight: 400;\">https:\/\/www.veganbusinesscircle.hu\/<\/span><\/a><span style=\"font-weight: 400;\"> (\u00e9s <\/span><a href=\"https:\/\/novenyikonferencia.hu\/\"><span style=\"font-weight: 400;\">https:\/\/novenyikonferencia.hu\/<\/span><\/a><span style=\"font-weight: 400;\"> )<\/span><span style=\"font-weight: 400;\"> honlapj\u00e1n \u00e9rhet\u0151k el az Adatkezel\u00e9s men\u00fcpontban.\u00a0<\/span><\/p><p><br \/><br \/><b><\/b><\/p><ul><li aria-level=\"1\"><b>A Szab\u00e1lyzat hat\u00e1lya\u00a0<\/b><\/li><\/ul><p>\u00a0<\/p><p><span style=\"font-weight: 400;\">A webes adatkezel\u00e9sek sor\u00e1n Ir\u00e1nyad\u00f3 jogszab\u00e1lyok, t\u00f6bbek k\u00f6z\u00f6tt:<\/span><\/p><p>\u00a0<\/p><ul><li style=\"font-weight: 400;\" aria-level=\"1\"><span style=\"font-weight: 400;\">az inform\u00e1ci\u00f3s \u00f6nrendelkez\u00e9si jogr\u00f3l \u00e9s az inform\u00e1ci\u00f3szabads\u00e1gr\u00f3l sz\u00f3l\u00f3 2011. \u00e9vi CXII. t\u00f6rv\u00e9ny (tov\u00e1bbiakban: \u201eInfotv.\u201d)<\/span><\/li><li style=\"font-weight: 400;\" aria-level=\"1\"><span style=\"font-weight: 400;\">a gazdas\u00e1gi rekl\u00e1mtev\u00e9kenys\u00e9g alapvet\u0151 felt\u00e9teleir\u0151l \u00e9s egyes korl\u00e1tair\u00f3l sz\u00f3l\u00f3 2008. \u00e9vi XLVIII. t\u00f6rv\u00e9ny (tov\u00e1bbiakban: \u201eGrtv.\u201d);<\/span><\/li><li style=\"font-weight: 400;\" aria-level=\"1\"><span style=\"font-weight: 400;\">az inform\u00e1ci\u00f3s t\u00e1rsadalommal \u00f6sszef\u00fcgg\u0151 szolg\u00e1ltat\u00e1sok egyes k\u00e9rd\u00e9seir\u0151l sz\u00f3l\u00f3 2001. \u00e9vi CVIII. t\u00f6rv\u00e9ny (a tov\u00e1bbiakban: Eker tv.)<\/span><\/li><li style=\"font-weight: 400;\" aria-level=\"1\"><span style=\"font-weight: 400;\">az Eur\u00f3pai Parlament \u00e9s a Tan\u00e1cs 2016\/679 Rendelete (a tov\u00e1bbiakban: \u201eGDPR\u201d);<\/span><\/li><li style=\"font-weight: 400;\" aria-level=\"1\"><span style=\"font-weight: 400;\">az elektronikus kereskedelmi szolg\u00e1ltat\u00e1sok, valamint az inform\u00e1ci\u00f3s t\u00e1rsadalommal \u00f6sszef\u00fcgg\u0151 szolg\u00e1ltat\u00e1sok egyes k\u00e9rd\u00e9seir\u0151l sz\u00f3l\u00f3 2001. \u00e9vi CVIII. t\u00f6rv\u00e9ny;<\/span><\/li><li style=\"font-weight: 400;\" aria-level=\"1\"><span style=\"font-weight: 400;\">a sz\u00e1mvitelr\u0151l sz\u00f3l\u00f3 2000. \u00e9vi C. t\u00f6rv\u00e9ny 169. \u00a7 (a bizonylatok meg\u0151rz\u00e9se).<\/span><\/li><\/ul><p>\u00a0<\/p><p><span style=\"font-weight: 400;\">A Szab\u00e1lyzat <\/span><b>t\u00e1rgyi hat\u00e1lya<\/b><span style=\"font-weight: 400;\"> kiterjed az al\u00e1bbi webes adatkezel\u00e9si form\u00e1kra:\u00a0<\/span><\/p><p>\u00a0<\/p><ul><li style=\"font-weight: 400;\" aria-level=\"1\"><span style=\"font-weight: 400;\">kapcsolatfelv\u00e9tel, \u00e9rdekl\u0151d\u00e9s\u00a0<\/span><\/li><li style=\"font-weight: 400;\" aria-level=\"1\"><span style=\"font-weight: 400;\">felhaszn\u00e1l\u00f3i profil l\u00e9trehoz\u00e1sa\u00a0<\/span><\/li><li style=\"font-weight: 400;\" aria-level=\"1\"><span style=\"font-weight: 400;\">szolg\u00e1ltat\u00e1s ig\u00e9nybev\u00e9tele<\/span><\/li><li style=\"font-weight: 400;\" aria-level=\"1\"><span style=\"font-weight: 400;\">rendezv\u00e9nyen, konferenci\u00e1n f\u00e9nyk\u00e9p-, vide\u00f3felv\u00e9tel (k\u00f6zeli)+ k\u00f6zz\u00e9t\u00e9tel<\/span><\/li><li style=\"font-weight: 400;\" aria-level=\"1\"><span style=\"font-weight: 400;\">rendezv\u00e9nyen, konferenci\u00e1n f\u00e9nyk\u00e9p-\u00e9s vide\u00f3felv\u00e9tel (t\u00e1voli)+ k\u00f6zz\u00e9t\u00e9tel\u00a0<\/span><\/li><li style=\"font-weight: 400;\" aria-level=\"1\"><span style=\"font-weight: 400;\">panasz, egy\u00e9b jogi ig\u00e9ny el\u0151terjeszt\u00e9se<\/span><\/li><li style=\"font-weight: 400;\" aria-level=\"1\"><span style=\"font-weight: 400;\">s\u00fctikezel\u00e9s\u00a0<\/span><\/li><li style=\"font-weight: 400;\" aria-level=\"1\"><span style=\"font-weight: 400;\">h\u00edrlev\u00e9lre feliratkoz\u00e1s\u00a0<\/span><\/li><li style=\"font-weight: 400;\" aria-level=\"1\"><span style=\"font-weight: 400;\">sz\u00e1mviteli bizonylatok kezel\u00e9se<\/span><\/li><li style=\"font-weight: 400;\" aria-level=\"1\"><span style=\"font-weight: 400;\">lead\u00a0<\/span><\/li><\/ul><p>\u00a0<\/p><p><span style=\"font-weight: 400;\">A Szab\u00e1lyzat t\u00e1rgyi hat\u00e1lya kiterjed minden, az Adatkezel\u0151 \u00e1ltal v\u00e9gzett adatkezel\u00e9si m\u0171veletre, \u00edgy vonatkozik az elektronikus \u00e9s pap\u00edr alapon v\u00e9gzett adatkezel\u00e9sekre egyar\u00e1nt.\u00a0<\/span><\/p><p>\u00a0<\/p><p><span style=\"font-weight: 400;\">A Szab\u00e1lyzat <\/span><b>id\u0151beli hat\u00e1lya<\/b><span style=\"font-weight: 400;\"> 2024.06.01- t\u0151l visszavon\u00e1sig.\u00a0<\/span><\/p><p><br \/><br \/><\/p><p><span style=\"font-weight: 400;\">A Szab\u00e1lyzat <\/span><b>szem\u00e9lyi hat\u00e1lya<\/b><span style=\"font-weight: 400;\"> kiterjed:<\/span><\/p><p>\u00a0<\/p><ul><li style=\"font-weight: 400;\" aria-level=\"1\"><span style=\"font-weight: 400;\">az Adatkezel\u0151re<\/span><\/li><li style=\"font-weight: 400;\" aria-level=\"1\"><span style=\"font-weight: 400;\">az Adatkezel\u0151 \u00fcgyfeleire,<\/span><\/li><li style=\"font-weight: 400;\" aria-level=\"1\"><span style=\"font-weight: 400;\">az Adatkezel\u0151 munkav\u00e1llal\u00f3ira,\u00a0<\/span><\/li><li style=\"font-weight: 400;\" aria-level=\"1\"><span style=\"font-weight: 400;\">az Adatkezel\u0151vel szerz\u0151d\u00e9ses kapcsolatban l\u00e9v\u0151 term\u00e9szetes \u00e9s jogi szem\u00e9lyekre, vagy jogi szem\u00e9lyis\u00e9g n\u00e9lk\u00fcli szervezetekre,<\/span><\/li><li style=\"font-weight: 400;\" aria-level=\"1\"><span style=\"font-weight: 400;\">azon \u00c9rintettekre, akikre vonatkoz\u00f3an a jelen Szab\u00e1lyzat rendelkez\u00e9st tartalmaz<\/span><\/li><li style=\"font-weight: 400;\" aria-level=\"1\"><span style=\"font-weight: 400;\">azon \u00c9rintettekre, akiknek jog\u00e1t vagy jogos \u00e9rdek\u00e9t a jelen Szab\u00e1lyzat szerinti adatkezel\u00e9s \u00e9rinti,<\/span><\/li><li style=\"font-weight: 400;\" aria-level=\"1\"><span style=\"font-weight: 400;\">az Adatkezel\u0151 honlapj\u00e1nak l\u00e1togat\u00f3ira,<\/span><\/li><li style=\"font-weight: 400;\" aria-level=\"1\"><span style=\"font-weight: 400;\">illetve mindazokra, akik a honlapon kereszt\u00fcl k\u00e9rd\u00e9st, \u00e9rdekl\u0151d\u00e9st int\u00e9ztek az Adatkezel\u0151 szolg\u00e1ltat\u00e1saival \u00f6sszef\u00fcgg\u00e9sben.\u00a0<\/span><\/li><\/ul><p><br \/><br \/><b><\/b><\/p><ul><li aria-level=\"1\"><b>Az Adatkezel\u0151\u00a0<\/b><\/li><\/ul><p><b><\/b><br \/><br \/><\/p><ol><li style=\"font-weight: 400;\" aria-level=\"2\"><span style=\"font-weight: 400;\">Az adatkezel\u0151:<\/span><\/li><\/ol><p>\u00a0<\/p><p><span style=\"font-weight: 400;\">az a term\u00e9szetes, vagy jogi szem\u00e9ly, k\u00f6zhatalmi szerv, \u00fcgyn\u00f6ks\u00e9g vagy b\u00e1rmely egy\u00e9b szerv, amely a szem\u00e9lyes adatok kezel\u00e9s\u00e9nek c\u00e9ljait \u00e9s eszk\u00f6zeit \u00f6n\u00e1ll\u00f3an vagy m\u00e1sokkal egy\u00fctt meghat\u00e1rozza; ha az adatkezel\u00e9s c\u00e9ljait \u00e9s eszk\u00f6zeit az uni\u00f3s vagy a tag\u00e1llami jog hat\u00e1rozza meg, az adatkezel\u0151t vagy az adatkezel\u0151 kijel\u00f6l\u00e9s\u00e9re vonatkoz\u00f3 k\u00fcl\u00f6n\u00f6s szempontokat az uni\u00f3s vagy a tag\u00e1llami jog is meghat\u00e1rozhatja.<\/span><\/p><p>\u00a0<\/p><table><tbody><tr><td colspan=\"2\"><br \/><p><b>\u00a0ADATKEZEL\u0150 ADATAI<\/b><\/p><\/td><\/tr><tr><td><p><span style=\"font-weight: 400;\">N\u00e9v:\u00a0<\/span><\/p><p><span style=\"font-weight: 400;\">Sz\u00e9khely:<\/span><\/p><p><span style=\"font-weight: 400;\">Kapcsolati adatok:<\/span><\/p><p><span style=\"font-weight: 400;\">C\u00e9gjegyz\u00e9ksz\u00e1m:<\/span><\/p><p><span style=\"font-weight: 400;\">Ad\u00f3sz\u00e1m:<\/span><\/p><p><span style=\"font-weight: 400;\">Banksz\u00e1mlasz\u00e1m:<\/span><\/p><p><span style=\"font-weight: 400;\">Nyilv\u00e1ntart\u00e1sba v\u00e9telt elrendel\u0151 hat\u00f3s\u00e1g<\/span><\/p><\/td><td><p><span style=\"font-weight: 400;\">N\u00f6v\u00e9nyi Forradalom Nonprofit Kft.\u00a0<\/span><\/p><p><span style=\"font-weight: 400;\">1138 Budapest, P\u00e1rk\u00e1ny u. 12. 7.em.43.<\/span><\/p><p><a href=\"mailto:info@veganbusinesscircle.hu\"><span style=\"font-weight: 400;\">info@veganbusinesscircle.hu<\/span><\/a><\/p><p><span style=\"font-weight: 400;\">Cg.01-09-403212<\/span><\/p><p><span style=\"font-weight: 400;\">32024551-2-41<\/span><\/p><p><span style=\"font-weight: 400;\">16200223-10167205-00000000<\/span><\/p><br \/><p><span style=\"font-weight: 400;\">F\u0151v\u00e1rosi T\u00f6rv\u00e9nysz\u00e9k C\u00e9gb\u00edr\u00f3s\u00e1ga<\/span><span style=\"font-weight: 400;\">\u00a0<\/span><\/p><\/td><\/tr><\/tbody><\/table><p><br \/><br \/><\/p><ol><li style=\"font-weight: 400;\" aria-level=\"2\"><span style=\"font-weight: 400;\">Az adatfeldolgoz\u00f3\u00a0<\/span><\/li><\/ol><p>\u00a0<\/p><p><span style=\"font-weight: 400;\">\u201eadatfeldolgoz\u00f3\u201d: az a term\u00e9szetes vagy jogi szem\u00e9ly, k\u00f6zhatalmi szerv, \u00fcgyn\u00f6ks\u00e9g vagy b\u00e1rmely egy\u00e9b szerv, amely az adatkezel\u0151 nev\u00e9ben szem\u00e9lyes adatokat kezel.<\/span><\/p><p>\u00a0<\/p><table><tbody><tr><td colspan=\"2\"><br \/><p><b>\u00a0ADATFELDOLGOZ\u00d3K\u00a0 ADATAI<\/b><\/p><p><span style=\"font-weight: 400;\">\u00a0<\/span><\/p><\/td><\/tr><tr><td><p><span style=\"font-weight: 400;\">N\u00e9v:\u00a0<\/span><\/p><p><span style=\"font-weight: 400;\">El\u00e9rhet\u0151s\u00e9g:<\/span><\/p><p><span style=\"font-weight: 400;\">Tev\u00e9kenys\u00e9g:<\/span><\/p><\/td><td><p><span style=\"font-weight: 400;\">Websupport Magyarorsz\u00e1g Kft.\u00a0<\/span><\/p><p><span style=\"font-weight: 400;\">1132 Budapest, Victor Hugo u.18-22.\u00a0<\/span><\/p><p><span style=\"font-weight: 400;\">T\u00e1rhelyszolg\u00e1ltat\u00e1s\u00a0<\/span><\/p><\/td><\/tr><tr><td><p><span style=\"font-weight: 400;\">N\u00e9v:\u00a0<\/span><\/p><p><span style=\"font-weight: 400;\">El\u00e9rhet\u0151s\u00e9g:<\/span><\/p><br \/><p><span style=\"font-weight: 400;\">Tev\u00e9kenys\u00e9g:<\/span><\/p><\/td><td><p><span style=\"font-weight: 400;\">Mailchimp, The Rocket Science Group<\/span><\/p><p><span style=\"font-weight: 400;\">LLC 675 Ponce de Leon Ave NE Suite 5000 Atlanta, GA 30308 USA<\/span><\/p><\/td><\/tr><tr><td><p><span style=\"font-weight: 400;\">N\u00e9v:\u00a0<\/span><\/p><p><span style=\"font-weight: 400;\">El\u00e9rhet\u0151s\u00e9g:<\/span><\/p><p><span style=\"font-weight: 400;\">Tev\u00e9kenys\u00e9g:<\/span><\/p><\/td><td><p><span style=\"font-weight: 400;\">SalesAutopilot Kft<\/span><\/p><p><span style=\"font-weight: 400;\">1016 Budapest, Zsolt utca 6\/A. 5. em. 1.<\/span><\/p><p><span style=\"font-weight: 400;\">H\u00edrlev\u00e9l k\u00fcld\u00e9s, CRM rendszer<\/span><\/p><\/td><\/tr><tr><td><p><span style=\"font-weight: 400;\">N\u00e9v:\u00a0<\/span><\/p><p><span style=\"font-weight: 400;\">El\u00e9rhet\u0151s\u00e9g:<\/span><\/p><p><span style=\"font-weight: 400;\">Tev\u00e9kenys\u00e9g:<\/span><\/p><\/td><td><p><span style=\"font-weight: 400;\">Barion Payment Zrt.<\/span><\/p><p><span style=\"font-weight: 400;\">1117 Budapest, Infopark s\u00e9t\u00e1ny 1. I. \u00e9p. 5. em. 5.<\/span><\/p><p><span style=\"font-weight: 400;\">Fizet\u00e9si rendszer<\/span><\/p><\/td><\/tr><tr><td><p><span style=\"font-weight: 400;\">N\u00e9v:\u00a0<\/span><\/p><p><span style=\"font-weight: 400;\">El\u00e9rhet\u0151s\u00e9g:<\/span><\/p><br \/><p><span style=\"font-weight: 400;\">Tev\u00e9kenys\u00e9g:<\/span><\/p><\/td><td><p><span style=\"font-weight: 400;\">Google Analytics<\/span><\/p><p><span style=\"font-weight: 400;\">Google Ireland Limited, Gordon House, Barrow Street, Dublin 4, Ireland<\/span><\/p><p><span style=\"font-weight: 400;\">Felhaszn\u00e1l\u00f3i szok\u00e1sok elemz\u00e9se\u00a0<\/span><\/p><\/td><\/tr><tr><td><p><span style=\"font-weight: 400;\">N\u00e9v:\u00a0<\/span><\/p><p><span style=\"font-weight: 400;\">El\u00e9rhet\u0151s\u00e9g:<\/span><\/p><br \/><p><span style=\"font-weight: 400;\">Tev\u00e9kenys\u00e9g:<\/span><\/p><\/td><td><p><span style=\"font-weight: 400;\">Google Tag Manager<\/span><\/p><p><span style=\"font-weight: 400;\">Google Ireland Limited, Gordon House, Barrow Street, Dublin 4, Ireland<\/span><\/p><p><span style=\"font-weight: 400;\">Weblap tagjeinek kezel\u00e9se egy felhaszn\u00e1l\u00f3i interface-en kereszt\u00fcl, programk\u00f3dok weboldalainkba t\u00f6rt\u00e9n\u0151 integr\u00e1l\u00e1sa<\/span><\/p><\/td><\/tr><tr><td><p><span style=\"font-weight: 400;\">N\u00e9v:\u00a0<\/span><\/p><p><span style=\"font-weight: 400;\">El\u00e9rhet\u0151s\u00e9g:<\/span><\/p><p><span style=\"font-weight: 400;\">Tev\u00e9kenys\u00e9g:<\/span><\/p><\/td><td><p><span style=\"font-weight: 400;\">Google Ads<\/span><\/p><p><span style=\"font-weight: 400;\">Google Ireland Limited, Gordon House, Barrow Street, Dublin 4, Ireland<\/span><\/p><p><span style=\"font-weight: 400;\">Hirdet\u00e9sek elhelyez\u00e9se, remarketing, konverzi\u00f3k\u00f6vet\u00e9s<\/span><\/p><\/td><\/tr><tr><td><p><span style=\"font-weight: 400;\">N\u00e9v:\u00a0<\/span><\/p><p><span style=\"font-weight: 400;\">El\u00e9rhet\u0151s\u00e9g:<\/span><\/p><p><span style=\"font-weight: 400;\">Tev\u00e9kenys\u00e9g:<\/span><\/p><\/td><td><p><span style=\"font-weight: 400;\">Szamlazz.hu<\/span><span style=\"font-weight: 400;\"><br \/><\/span><span style=\"font-weight: 400;\">KBOSS.hu Kft. 1031 Budapest, Z\u00e1hony utca 7\/D. <\/span><span style=\"font-weight: 400;\"><br \/><\/span><span style=\"font-weight: 400;\">Sz\u00e1ml\u00e1z\u00f3program<\/span><\/p><\/td><\/tr><tr><td><p><span style=\"font-weight: 400;\">N\u00e9v:\u00a0<\/span><\/p><p><span style=\"font-weight: 400;\">El\u00e9rhet\u0151s\u00e9g:<\/span><\/p><p><span style=\"font-weight: 400;\">Tev\u00e9kenys\u00e9g:<\/span><\/p><\/td><td><br \/><br \/><br \/><\/td><\/tr><tr><td><p><span style=\"font-weight: 400;\">N\u00e9v:\u00a0<\/span><\/p><p><span style=\"font-weight: 400;\">El\u00e9rhet\u0151s\u00e9g:<\/span><\/p><p><span style=\"font-weight: 400;\">Tev\u00e9kenys\u00e9g:<\/span><\/p><\/td><td><p><span style=\"font-weight: 400;\">\u00a0<\/span><\/p><\/td><\/tr><\/tbody><\/table><p><br \/><br \/><\/p><p><b>4.Az adatkezel\u00e9s c\u00e9lja \u00e9s jogalapja\u00a0<\/b><\/p><p>\u00a0<\/p><p><span style=\"font-weight: 400;\">Az Adatkezel\u0151 az al\u00e1bbi szem\u00e9lyes adatok kezel\u00e9s\u00e9t az al\u00e1bbi jogalapokon v\u00e9gzi:<\/span><\/p><p>\u00a0<\/p><p><span style=\"font-weight: 400;\">szem\u00e9lyes adat: azonos\u00edtott vagy azonos\u00edthat\u00f3 term\u00e9szetes szem\u00e9lyre (\u201e\u00e9rintett\u201d) vonatkoz\u00f3 b\u00e1rmely inform\u00e1ci\u00f3.\u00a0<\/span><\/p><p><br \/><br \/><br \/><\/p><table><tbody><tr><td><p><b>AK JELLEGE<\/b><\/p><\/td><td><p><b>KEZELT ADATOK\u00a0<\/b><\/p><\/td><td><p><b>AK C\u00c9LJA<\/b><\/p><\/td><td><p><b>AK JOGALAP<\/b><\/p><\/td><td><p><b>MEG\u0150RZ\u00c9SI ID\u0150<\/b><\/p><\/td><td><p><b>\u00c9RINTETTEK\/C\u00cdMZETTEK<\/b><\/p><\/td><\/tr><tr><td><p><span style=\"font-weight: 400;\">Kapcsolatfelv\u00e9tel weboldalon kereszt\u00fcl\u00a0<\/span><\/p><\/td><td><p><span style=\"font-weight: 400;\">N\u00e9v, e-mail c\u00edm, \u00fczenet t\u00e1rgya, \u00fczenet sz\u00f6vege<\/span><\/p><br \/><br \/><br \/><\/td><td><p><span style=\"font-weight: 400;\">\u00dcgyf\u00e9l \u00e9rdekl\u0151d\u00e9sek, jelentkez\u00e9sek kezel\u00e9se+ nyilv\u00e1ntart\u00e1sa\u00a0<\/span><\/p><\/td><td><p><span style=\"font-weight: 400;\">GDPR 6. cikk (1) bekezd\u00e9s a) pont szerinti hozz\u00e1j\u00e1rul\u00e1s<\/span><\/p><\/td><td><p><span style=\"font-weight: 400;\">A hozz\u00e1j\u00e1rul\u00e1s visszavon\u00e1s\u00e1ig, illetve az \u00e9rdekl\u0151d\u00e9sre adott v\u00e1lasz \u00e9rintett r\u00e9sz\u00e9re t\u00f6rt\u00e9n\u0151 megk\u00fcld\u00e9s\u00e9ig\u00a0<\/span><\/p><\/td><td><p><span style=\"font-weight: 400;\">A kapcsolattart\u00e1sra felhatalmazott szem\u00e9lyek<\/span><\/p><\/td><\/tr><tr><td><p><span style=\"font-weight: 400;\">Regisztr\u00e1ci\u00f3,\u00a0 \u00e9rdekl\u0151d\u00e9s jegyv\u00e1s\u00e1rl\u00e1s\u00a0<\/span><\/p><\/td><td><p><span style=\"font-weight: 400;\">N\u00e9v, e-mail c\u00edm, telefonsz\u00e1m, jelsz\u00f3<\/span><\/p><br \/><p><span style=\"font-weight: 400;\">Csak bejelentkez\u00e9shez: e-mail c\u00edm jelsz\u00f3<\/span><\/p><\/td><td><p><span style=\"font-weight: 400;\">Regisztr\u00e1ci\u00f3, \u00e9rdekl\u0151d\u00e9s a szolg\u00e1ltat\u00e1sok ir\u00e1nt\u00a0<\/span><\/p><\/td><td><p><span style=\"font-weight: 400;\">GDPR 6. cikk (1) bekezd\u00e9s a) pont szerinti hozz\u00e1j\u00e1rul\u00e1s<\/span><\/p><\/td><td><p><span style=\"font-weight: 400;\">A hozz\u00e1j\u00e1rul\u00e1s visszavon\u00e1s\u00e1ig, illetve az \u00e9rdekl\u0151d\u00e9sre adott v\u00e1lasz \u00e9rintett r\u00e9sz\u00e9re t\u00f6rt\u00e9n\u0151 megk\u00fcld\u00e9s\u00e9ig<\/span><\/p><\/td><td><p><span style=\"font-weight: 400;\">Az \u00fcgyfelekkel val\u00f3\u00a0 kapcsolattart\u00e1sra felhatalmazott szem\u00e9lyek<\/span><\/p><\/td><\/tr><tr><td><p><span style=\"font-weight: 400;\">Ki\u00e1ll\u00edt\u00f3kkal szerz\u0151d\u00e9sk\u00f6t\u00e9s\u00a0<\/span><\/p><\/td><td><br \/><p><span style=\"font-weight: 400;\">vezet\u00e9kn\u00e9v, keresztn\u00e9v, lakc\u00edm, e-mail, telefonsz\u00e1m,\u00a0<\/span><\/p><p><span style=\"font-weight: 400;\">c\u00e9gn\u00e9v, sz\u00e9khely, c\u00e9gjegyz\u00e9ksz\u00e1m, ad\u00f3sz\u00e1m, e-mail c\u00edm,<\/span><span style=\"font-weight: 400;\">\u00a0<\/span><\/p><\/td><td><br \/><p><span style=\"font-weight: 400;\">szolg\u00e1ltat\u00e1s teljes\u00edt\u00e9se\u00a0<\/span><\/p><\/td><td><br \/><p><span style=\"font-weight: 400;\">GDPR 6. cikk (1) bekezd\u00e9s b) pont szerinti szerz\u0151d\u00e9s teljes\u00edt\u00e9se\u00a0<\/span><\/p><\/td><td><br \/><p><span style=\"font-weight: 400;\">A szerz\u0151d\u00e9s teljes\u00edt\u00e9s\u00e9t k\u00f6vet\u0151 5 \u00e9v eltelt\u00e9ig<\/span><\/p><\/td><td><p><span style=\"font-weight: 400;\">Az \u00fcgyfelekkel val\u00f3 kapcsolattart\u00e1sra felhatalmazott szem\u00e9lyek<\/span><\/p><\/td><\/tr><tr><td><p><span style=\"font-weight: 400;\">Tags\u00e1g\u00a0<\/span><\/p><\/td><td><br \/><p><span style=\"font-weight: 400;\">vezet\u00e9kn\u00e9v, keresztn\u00e9v, lakc\u00edm, e-mail, telefonsz\u00e1m,\u00a0<\/span><\/p><p><span style=\"font-weight: 400;\">c\u00e9gn\u00e9v, sz\u00e9khely, c\u00e9gjegyz\u00e9ksz\u00e1m, ad\u00f3sz\u00e1m, e-mail c\u00edm,<\/span><span style=\"font-weight: 400;\">\u00a0<\/span><\/p><\/td><td><br \/><p><span style=\"font-weight: 400;\">szolg\u00e1ltat\u00e1s ig\u00e9nybev\u00e9tele<\/span><\/p><\/td><td><br \/><p><span style=\"font-weight: 400;\">GDPR 6. cikk (1) bekezd\u00e9s b) pont szerinti szerz\u0151d\u00e9s teljes\u00edt\u00e9se<\/span><\/p><\/td><td><br \/><p><span style=\"font-weight: 400;\">Tags\u00e1g megsz\u0171n\u00e9s\u00e9ig\u00a0<\/span><\/p><\/td><td><p><span style=\"font-weight: 400;\">Az \u00fcgyfelekkel val\u00f3 kapcsolattart\u00e1sra felhatalmazott szem\u00e9lyek<\/span><\/p><\/td><\/tr><tr><td><br \/><p><span style=\"font-weight: 400;\">Panasz, jogi ig\u00e9ny \u00e9rv\u00e9nyes\u00edt\u00e9se<\/span><\/p><\/td><td><p><span style=\"font-weight: 400;\">\u00a0\u00a0<\/span><\/p><p><span style=\"font-weight: 400;\">N\u00e9v, e-mail c\u00edm, v lakc\u00edm (opcion\u00e1lis), telefonsz\u00e1m (opcion\u00e1lis)\u00a0\u00a0<\/span><\/p><\/td><td><br \/><p><span style=\"font-weight: 400;\">Panasz, jogi ig\u00e9ny sikeres elb\u00edr\u00e1l\u00e1sa\u00a0<\/span><\/p><br \/><br \/><br \/><\/td><td><br \/><p><span style=\"font-weight: 400;\">GDPR 6 cikk (1) bekezd\u00e9s c) pont szerinti jogi k\u00f6telezetts\u00e9g<\/span><\/p><\/td><td><br \/><p><span style=\"font-weight: 400;\">Panasz, jogi ig\u00e9ny sikeres orvosl\u00e1sa, illetve jogi ig\u00e9ny\u00e9rv\u00e9nyes\u00edt\u00e9s eset\u00e9n a Fgytv. szerint t\u00e1rgy\u00e9v + 5 \u00e9v<\/span><\/p><\/td><td><br \/><p><span style=\"font-weight: 400;\">Panasz elb\u00edr\u00e1l\u00e1s\u00e1ban r\u00e9szt vev\u0151 szem\u00e9lyek\u00a0<\/span><\/p><\/td><\/tr><tr><td><br \/><br \/><p><span style=\"font-weight: 400;\">S\u00fctikezel\u00e9s\u00a0<\/span><\/p><\/td><td><br \/><br \/><p><span style=\"font-weight: 400;\">Felhaszn\u00e1l\u00f3 azonos\u00edt\u00e1s\u00e1ra alkalmas adatot nem tartalmaznak<\/span><\/p><\/td><td><br \/><p><span style=\"font-weight: 400;\">Szem\u00e9lyre szabott tartalom, felhaszn\u00e1l\u00f3i \u00e9lm\u00e9ny jav\u00edt\u00e1sa\u00a0<\/span><\/p><\/td><td><br \/><p><span style=\"font-weight: 400;\">GDPR 6. cikk (1) bek. a) pont szerinti hozz\u00e1j\u00e1rul\u00e1s\u00a0\u00a0<\/span><\/p><\/td><td><br \/><p><span style=\"font-weight: 400;\">B\u00f6ng\u00e9sz\u0151ben t\u00f6rt\u00e9n\u0151 t\u00f6rl\u00e9sig<\/span><\/p><\/td><td><br \/><p><span style=\"font-weight: 400;\">Honlap \u00fczemeltet\u0151je, illetve harmadik f\u00e9l\u00a0<\/span><\/p><\/td><\/tr><tr><td><p><span style=\"font-weight: 400;\">S\u00fctikezel\u00e9s<\/span><\/p><\/td><td><p><span style=\"font-weight: 400;\">Felhaszn\u00e1l\u00f3 azonos\u00edt\u00e1s\u00e1ra alkalmas adatot nem tartalmaznak<\/span><\/p><p><span style=\"font-weight: 400;\">(elengedhetetlen s\u00fctik)<\/span><\/p><\/td><td><p><span style=\"font-weight: 400;\">Weblap m\u0171k\u00f6d\u00e9s\u00e9hez\u00a0 elengedhetetlen\u00fcl sz\u00fcks\u00e9ges\u00a0<\/span><\/p><\/td><td><p><span style=\"font-weight: 400;\">GDPR 6. cikk (1) bek. f) pont szerinti adatkezel\u0151i jogos \u00e9rdek\u00a0\u00a0\u00a0<\/span><\/p><\/td><td><p><span style=\"font-weight: 400;\">B\u00f6ng\u00e9sz\u0151ben t\u00f6rt\u00e9n\u0151 t\u00f6rl\u00e9sig<\/span><\/p><\/td><td><p><span style=\"font-weight: 400;\">Honlap \u00fczemeltet\u0151je, illetve harmadik f\u00e9l<\/span><\/p><\/td><\/tr><tr><td><br \/><br \/><p><span style=\"font-weight: 400;\">H\u00edrlev\u00e9lre feliratkoz\u00e1s<\/span><\/p><\/td><td><br \/><br \/><p><span style=\"font-weight: 400;\">N\u00e9v, e-mail c\u00edm<\/span><\/p><\/td><td><br \/><p><span style=\"font-weight: 400;\">Rekl\u00e1manyag h\u00edrlev\u00e9l form\u00e1j\u00e1ban t\u00f6rt\u00e9n\u0151 megk\u00fcld\u00e9se\u00a0<\/span><\/p><\/td><td><br \/><p><span style=\"font-weight: 400;\">GDPR 6. cikk (1) bek. a) pontja szerinti hozz\u00e1j\u00e1rul\u00e1s\u00a0<\/span><\/p><\/td><td><p><span style=\"font-weight: 400;\">Hozz\u00e1j\u00e1rul\u00e1s visszavon\u00e1s\u00e1ig vagy t\u00f6rl\u00e9si k\u00e9relem beny\u00fajt\u00e1s\u00e1ig<\/span><\/p><\/td><td><br \/><p><span style=\"font-weight: 400;\">A rekl\u00e1manyagok kezel\u00e9s\u00e9vel megb\u00edzott szem\u00e9ly<\/span><\/p><\/td><\/tr><tr><td><br \/><br \/><p><span style=\"font-weight: 400;\">Sz\u00e1mviteli bizonylatok<\/span><\/p><\/td><td><br \/><br \/><p><span style=\"font-weight: 400;\">Szolg\u00e1ltat\u00e1s ig\u00e9nybe vev\u0151j\u00e9nek neve+ c\u00edme<\/span><\/p><\/td><td><br \/><p><span style=\"font-weight: 400;\">Sz\u00e1mla-\u00e9s bizonylat meg\u0151rz\u00e9si k\u00f6telezetts\u00e9g teljes\u00edt\u00e9se<\/span><\/p><\/td><td><br \/><p><span style=\"font-weight: 400;\">GDPR 6. cikk (1) bek. c) pontja szerinti jogi k\u00f6telezetts\u00e9g<\/span><\/p><\/td><td><br \/><p><span style=\"font-weight: 400;\">8 \u00e9v\u00a0<\/span><\/p><\/td><td><br \/><p><span style=\"font-weight: 400;\">Bizonylatok kezel\u00e9s\u00e9vel megb\u00edzott szem\u00e9ly\u00a0<\/span><\/p><\/td><\/tr><tr><td><br \/><p><span style=\"font-weight: 400;\">F\u00e9nyk\u00e9p-videofelv\u00e9tel k\u00e9sz\u00edt\u00e9se + k\u00f6zz\u00e9t\u00e9tele internetes fel\u00fcleten<\/span><\/p><\/td><td><br \/><br \/><br \/><br \/><p><span style=\"font-weight: 400;\">K\u00e9pm\u00e1s (f\u00e9nyk\u00e9p), hang<\/span><\/p><\/td><td><br \/><br \/><p><span style=\"font-weight: 400;\">Adott esem\u00e9ny n\u00e9pszer\u0171s\u00edt\u00e9se, marketing\u00a0<\/span><\/p><\/td><td><br \/><p><span style=\"font-weight: 400;\">GDPR 6. cikk (1) bek. f) pontja szerinti jogos \u00e9rdek<\/span><\/p><\/td><td><br \/><p><span style=\"font-weight: 400;\">5 \u00e9v a felv\u00e9tel k\u00e9sz\u00edt\u00e9s\u00e9t\u0151l sz\u00e1m\u00edtottan<\/span><\/p><\/td><td><br \/><p><span style=\"font-weight: 400;\">Marketing int\u00e9z\u00e9s\u00e9vel megb\u00edzott szem\u00e9ly\u00a0<\/span><\/p><\/td><\/tr><tr><td><br \/><p><span style=\"font-weight: 400;\">F\u00e9nyk\u00e9p-\u00e9s videofelv\u00e9tel k\u00e9sz\u00edt\u00e9se<\/span><\/p><p><span style=\"font-weight: 400;\">(k\u00f6zeli)<\/span><\/p><\/td><td><br \/><p><span style=\"font-weight: 400;\">K\u00e9pm\u00e1s (f\u00e9nyk\u00e9p), hang<\/span><\/p><\/td><td><br \/><p><span style=\"font-weight: 400;\">Adott esem\u00e9ny n\u00e9pszer\u0171s\u00edt\u00e9se, marketing<\/span><\/p><\/td><td><p><span style=\"font-weight: 400;\">GDPR 6. cikk (1) bek. a) pontja szerinti hozz\u00e1j\u00e1rul\u00e1s\u00a0<\/span><\/p><\/td><td><p><span style=\"font-weight: 400;\">Hozz\u00e1j\u00e1rul\u00e1s visszavon\u00e1s\u00e1ig<\/span><\/p><\/td><td><p><span style=\"font-weight: 400;\">Marketing int\u00e9z\u00e9s\u00e9vel megb\u00edzott szem\u00e9ly<\/span><\/p><\/td><\/tr><tr><td><p><span style=\"font-weight: 400;\">Lead anyagok megk\u00fcld\u00e9se<\/span><span style=\"font-weight: 400;\">\u00a0<\/span><\/p><\/td><td><p><span style=\"font-weight: 400;\">N\u00e9v, e-mail c\u00edm\u00a0<\/span><\/p><\/td><td><p><span style=\"font-weight: 400;\">N\u00e9pszer\u0171s\u00edt\u00e9s, marketing tev\u00e9kenys\u00e9g\u00a0<\/span><\/p><\/td><td><p><span style=\"font-weight: 400;\">GDPR 6. cikk (1) bek. f) pontja szerinti adatkezel\u0151i jogos \u00e9rdek\u00a0<\/span><\/p><\/td><td><br \/><p><span style=\"font-weight: 400;\">X<\/span><span style=\"font-weight: 400;\">\u00a0<\/span><\/p><\/td><td><p><span style=\"font-weight: 400;\">Marketing int\u00e9z\u00e9s\u00e9vel megb\u00edzott szem\u00e9ly<\/span><\/p><\/td><\/tr><\/tbody><\/table><p><br \/><br \/><br \/><\/p><ol start=\"5\"><li><b> Az adatkezel\u00e9s elvei\u00a0<\/b><\/li><\/ol><p>\u00a0<\/p><p><b>Adatkezel\u0151<\/b><span style=\"font-weight: 400;\"> az adatkezel\u00e9sei sor\u00e1n k\u00f6telez\u0151 \u00e9rv\u00e9ny\u0171en elfogadja \u00e9s v\u00e9di az \u00e1ltal\u00e1nos adatv\u00e9delmi rendelet 5. cikke szerinti adatkezel\u00e9si elveket, melyek az al\u00e1bbiak:\u00a0<\/span><\/p><p><span style=\"font-weight: 400;\">A szem\u00e9lyes adatok kezel\u00e9s\u00e9t jogszer\u0171en \u00e9s tisztess\u00e9gesen, valamint az \u00e9rintett sz\u00e1m\u00e1ra \u00e1tl\u00e1that\u00f3 m\u00f3don kell v\u00e9gezni (\u201ejogszer\u0171s\u00e9g, tisztess\u00e9ges elj\u00e1r\u00e1s \u00e9s \u00e1tl\u00e1that\u00f3s\u00e1g\u201d);<\/span><\/p><p><span style=\"font-weight: 400;\">A szem\u00e9lyes adatok gy\u0171jt\u00e9se csak meghat\u00e1rozott, egy\u00e9rtelm\u0171 \u00e9s jogszer\u0171 c\u00e9lb\u00f3l t\u00f6rt\u00e9nhet, \u00e9s azok nem kezelhet\u0151k a c\u00e9lokkal \u00f6ssze nem egyeztethet\u0151 m\u00f3don; (\u201ec\u00e9lhoz k\u00f6t\u00f6tts\u00e9g\u201d);<\/span><\/p><p><span style=\"font-weight: 400;\">Az adatkezel\u00e9snek c\u00e9ljai szempontj\u00e1b\u00f3l megfelel\u0151nek \u00e9s relev\u00e1nsnak kell lenni \u00e9s a sz\u00fcks\u00e9gesre kell, hogy korl\u00e1toz\u00f3djon (\u201eadattakar\u00e9koss\u00e1g\u201d);<\/span><\/p><p><span style=\"font-weight: 400;\">A\u00a0 kezelt szem\u00e9lyes adatoknak pontosnak \u00e9s sz\u00fcks\u00e9g eset\u00e9n naprak\u00e9sznek kell lenni\u00fck; minden \u00e9szszer\u0171 int\u00e9zked\u00e9st meg kell tenni annak \u00e9rdek\u00e9ben, hogy az adatkezel\u00e9s c\u00e9ljai szempontj\u00e1b\u00f3l pontatlan szem\u00e9lyes adatok halad\u00e9ktalanul t\u00f6rl\u00e9sre vagy helyesb\u00edt\u00e9sre ker\u00fcljenek (\u201epontoss\u00e1g\u201d);<\/span><\/p><p><span style=\"font-weight: 400;\">A szem\u00e9lyes adatok t\u00e1rol\u00e1s\u00e1nak olyan form\u00e1ban kell t\u00f6rt\u00e9nnie, amely az \u00e9rintettek azonos\u00edt\u00e1s\u00e1t csak a c\u00e9l el\u00e9r\u00e9shez sz\u00fcks\u00e9ges ideig teszi lehet\u0151v\u00e9, figyelemmel a technikai \u00e9s szervez\u00e9si int\u00e9zked\u00e9sekre is (\u201ekorl\u00e1tozott t\u00e1rolhat\u00f3s\u00e1g\u201d);<\/span><\/p><p><span style=\"font-weight: 400;\">A szem\u00e9lyes adatok kezel\u00e9s\u00e9t olyan m\u00f3don kell v\u00e9gezni, hogy az adatok biztons\u00e1ga technikai \u00e9s szervez\u00e9si int\u00e9zked\u00e9sek r\u00e9v\u00e9n biztos\u00edtva legyen, az adatok jogosulatlan vagy jogellenes kezel\u00e9s\u00e9vel, v\u00e9letlen elveszt\u00e9s\u00e9vel, megsemmis\u00edt\u00e9s\u00e9vel vagy k\u00e1rosod\u00e1s\u00e1val szembeni v\u00e9delmet is ide\u00e9rtve (\u201eintegrit\u00e1s \u00e9s bizalmas jelleg\u201d).<\/span><\/p><p><span style=\"font-weight: 400;\">Adatfeldolgoz\u00f3k\u00e9nt ig\u00e9nybe vett partneri egy\u00fcttm\u0171k\u00f6d\u00e9sek kapcs\u00e1n az\u00a0 Adatkezel\u0151 az Adatfeldolgoz\u00f3 tekintet\u00e9ben is\u00a0 ir\u00e1nyad\u00f3nak tekinti az ezen cikk szerinti adatkezel\u00e9si elveket a feldolgoz\u00e1sra \u00e1tadott adatok tekintet\u00e9ben. Adatkezel\u0151 a kezelt szem\u00e9lyes adatokat ily m\u00f3don felel\u0151ss\u00e9ggel \u00e9s k\u00fcl\u00f6n\u00f6s gondoss\u00e1ggal \u0151rzi. Adatkezel\u0151 bels\u0151 nyilv\u00e1ntart\u00e1st vezet a szem\u00e9lyes adatok kezel\u00e9s\u00e9r\u0151l.<\/span><\/p><p>\u00a0<\/p><p><b>6.\u00c9rintetti jogok\u00a0<\/b><\/p><p>\u00a0<\/p><p><span style=\"font-weight: 400;\">Az \u00e9rintettet a fenti adatkezel\u00e9sek kapcs\u00e1n az al\u00e1bbi jogok illetik meg:\u00a0<\/span><\/p><p>\u00a0<\/p><p><span style=\"font-weight: 400;\">Az \u00e9rintett jogosult ahhoz, hogy hozz\u00e1f\u00e9rjen \u00e9s megismerhesse a gy\u0171jt\u00f6tt szem\u00e9lyes adatokat, valamint jogosult arra, hogy \u00e9sszer\u0171 id\u0151k\u00f6z\u00f6nk\u00e9nt ezt a jog\u00e1t az adatkezel\u00e9s jogszer\u0171s\u00e9g\u00e9nek meg\u00e1llap\u00edt\u00e1sa \u00e9rdek\u00e9ben ellen\u0151rizze, \u00edgy k\u00fcl\u00f6n\u00f6sen megilletik a k\u00f6vetkez\u0151 t\u00e1bl\u00e1zatban felsorolt jogok, az \u00e9rintett k\u00e9relme alapj\u00e1n:<\/span><\/p><p><br \/><br \/><\/p><table><tbody><tr><td><p><b>\u00c9rintetti jogok a szem\u00e9lyes adatkezel\u00e9s kapcs\u00e1n<\/b><\/p><\/td><\/tr><tr><td><p><span style=\"font-weight: 400;\">T\u00e1j\u00e9koz\u00f3d\u00e1shoz \u00e9s inform\u00e1ci\u00f3hoz val\u00f3 jog<\/span><\/p><\/td><\/tr><tr><td><p><span style=\"font-weight: 400;\">Szem\u00e9lyes adatokhoz val\u00f3 hozz\u00e1f\u00e9r\u00e9s m\u00f3dos\u00edt\u00e1sa<\/span><\/p><\/td><\/tr><tr><td><p><span style=\"font-weight: 400;\">Helyesb\u00edt\u00e9shez val\u00f3 jog<\/span><\/p><\/td><\/tr><tr><td><p><span style=\"font-weight: 400;\">T\u00f6rl\u00e9s, elfeled\u00e9shez val\u00f3 jog<\/span><\/p><\/td><\/tr><tr><td><p><span style=\"font-weight: 400;\">Adatkezel\u00e9s korl\u00e1toz\u00e1sa<\/span><\/p><\/td><\/tr><tr><td><p><span style=\"font-weight: 400;\">Tiltakoz\u00e1shoz val\u00f3 jog \u00e9s panaszt\u00e9teli jog a szem\u00e9lyes adatok kezel\u00e9se kapcs\u00e1n<\/span><\/p><\/td><\/tr><\/tbody><\/table><p>\u00a0<\/p><p><span style=\"font-weight: 400;\">Az Adatkezel\u0151 a k\u00e9relem beny\u00fajt\u00e1s\u00e1t\u00f3l sz\u00e1m\u00edtott 30 napon bel\u00fcl \u00edr\u00e1sban t\u00e1j\u00e9koztat\u00e1st ad az \u00e9rintettnek a k\u00e9relemmel kapcsolatban a kezelt adatair\u00f3l, azok forr\u00e1s\u00e1r\u00f3l, az adatkezel\u00e9s c\u00e9lj\u00e1r\u00f3l, jogalapj\u00e1r\u00f3l, id\u0151tartam\u00e1r\u00f3l, tov\u00e1bb\u00e1 az adattov\u00e1bb\u00edt\u00e1s jogalapj\u00e1r\u00f3l \u00e9s c\u00edmzettj\u00e9r\u0151l.\u00a0<\/span><\/p><p><span style=\"font-weight: 400;\">Amennyiben a k\u00e9relem \u00f6sszetetts\u00e9ge vagy egy\u00e9b objekt\u00edv k\u00f6r\u00fclm\u00e9ny indokolja, a fenti hat\u00e1rid\u0151 egyszer, legfeljebb 60 nappal meghosszabb\u00edthat\u00f3, melyr\u0151l Adatkezel\u0151 a k\u00e9relmez\u0151t \u00edr\u00e1sban \u00e9rtes\u00edti.\u00a0<\/span><\/p><p><span style=\"font-weight: 400;\">Abban az esetben, ha Adatkezel\u0151 a fenti hat\u00e1rid\u0151t elmulasztja, az \u00e9rintett \u2013 a d\u00f6nt\u00e9s k\u00f6zl\u00e9s\u00e9t\u0151l, illetve a hat\u00e1rid\u0151 utols\u00f3 napj\u00e1t\u00f3l sz\u00e1m\u00edtott 30 napon bel\u00fcl \u2013 b\u00edr\u00f3s\u00e1ghoz fordulhat.<\/span><\/p><p><span style=\"font-weight: 400;\">Az \u00e9rintettet az \u0151t megillet\u0151 jogok tekintet\u00e9ben al\u00e1bbi jogosults\u00e1gok illetik meg:\u00a0<\/span><\/p><ul><li aria-level=\"1\"><b>t\u00e1j\u00e9koztat\u00e1st k\u00e9rhet,<\/b><\/li><\/ul><ul><li aria-level=\"1\"><b>k\u00e9rheti az \u00e1ltalunk kezelt szem\u00e9lyes adataik helyesb\u00edt\u00e9s\u00e9t, m\u00f3dos\u00edt\u00e1s\u00e1t, kieg\u00e9sz\u00edt\u00e9s\u00e9t,\u00a0<\/b><\/li><\/ul><ul><li aria-level=\"1\"><b>tiltakozhat az adatkezel\u00e9s ellen \u00e9s k\u00e9rheti adatai t\u00f6rl\u00e9s\u00e9t, valamint z\u00e1rol\u00e1s\u00e1t (a k\u00f6telez\u0151 adatkezel\u00e9s kiv\u00e9tel\u00e9vel),\u00a0<\/b><\/li><\/ul><ul><li aria-level=\"1\"><b>b\u00edr\u00f3s\u00e1g el\u0151tt jogorvoslattal \u00e9lhet,\u00a0<\/b><\/li><\/ul><ul><li aria-level=\"1\"><b>a fel\u00fcgyeleti hat\u00f3s\u00e1gn\u00e1l panaszt tehet, illetve elj\u00e1r\u00e1st kezdem\u00e9nyezhet <\/b><a href=\"https:\/\/naih.hu\/panaszuegyintezes-rendje.html\"><b>https:\/\/naih.hu\/panaszuegyintezes-rendje.html<\/b><\/a><\/li><\/ul><p><b>A fel\u00fcgyeleti hat\u00f3s\u00e1g el\u00e9rhet\u0151s\u00e9ge:\u00a0<\/b><\/p><p><span style=\"font-weight: 400;\">Nemzeti Adatv\u00e9delmi \u00e9s Inform\u00e1ci\u00f3szabads\u00e1g Hat\u00f3s\u00e1g, <\/span><a href=\"http:\/\/naih.hu\"><span style=\"font-weight: 400;\">http:\/\/naih.hu<\/span><\/a><span style=\"font-weight: 400;\">, telefonsz\u00e1m: +36 (1) 391-1400, postac\u00edm: 1363 Budapest, Pf.: 9., 1055 \u00a0Budapest, Falk Miksa utca 9-11., e-mail: <\/span><a href=\"mailto:ugyfelszolgalat@naih.hu\"><span style=\"font-weight: 400;\">ugyfelszolgalat@naih.hu<\/span><\/a><span style=\"font-weight: 400;\">).\u00a0<\/span><\/p><p><span style=\"font-weight: 400;\">Az \u00e9rintetti jogokat k\u00fcl\u00f6n t\u00e1j\u00e9koztat\u00f3 tartalmazza, melyet Adatkezel\u0151 az \u00e9rintettek sz\u00e1m\u00e1ra el\u00e9rhet\u0151v\u00e9 tesz.<\/span><\/p><p><br \/><br \/><br \/><\/p><p><b>7.Adatbiztons\u00e1gi int\u00e9zked\u00e9sek<\/b><\/p><p><br \/><br \/><\/p><p><span style=\"font-weight: 400;\">Adatkezel\u0151 a weboldalon \u00e9s a szem\u00e9lyes adatok kezel\u00e9se sor\u00e1n gondoskodik az \u00e1ltal\u00e1nos adatv\u00e9delmi rendelet (GDPR) szerinti adatbiztons\u00e1gi int\u00e9zked\u00e9sek megt\u00e9tel\u00e9r\u0151l. Ennek keret\u00e9ben az elektronikusan t\u00e1rolt szem\u00e9lyes adatok megfelel\u0151 v\u00e9delme \u00e9rdek\u00e9ben a sz\u00fcks\u00e9ges technikai \u00e9s szervez\u00e9si int\u00e9zked\u00e9seket megteszi.\u00a0\u00a0<\/span><\/p><p><span style=\"font-weight: 400;\">Ennek keret\u00e9ben elfogadja \u00e9s kialak\u00edtja napra k\u00e9szen tartja, illetve rendszeresen fel\u00fclvizsg\u00e1lja mindazokat a technikai \u00e9s szervez\u00e9si int\u00e9zked\u00e9seket, elj\u00e1r\u00e1si szab\u00e1lyokat, amelyek biztos\u00edtj\u00e1k, hogy az \u00e1ltala kezelt szem\u00e9lyes adatok biztons\u00e1ga biztos\u00edtott legyen, \u00e9s megtesz minden t\u0151le elv\u00e1rhat\u00f3t annak \u00e9rdek\u00e9ben, hogy megakad\u00e1lyozza a szem\u00e9lyes adatok megsemmis\u00fcl\u00e9s\u00e9t, jogosulatlan felhaszn\u00e1l\u00e1s\u00e1t vagy megv\u00e1ltoztat\u00e1s\u00e1t, valamint gondoskodik arr\u00f3l, hogy a kezelt szem\u00e9lyes adatokhoz illet\u00e9ktelen szem\u00e9ly ne f\u00e9rhessen hozz\u00e1, azokat ne hozhassa nyilv\u00e1noss\u00e1gra, ne tov\u00e1bb\u00edthassa, valamint ne m\u00f3dos\u00edthassa, t\u00f6r\u00f6lhesse.<\/span><\/p><p><span style=\"font-weight: 400;\">Az Adatkezel\u0151 az adatbiztons\u00e1g \u00e9rv\u00e9nyes\u00fcl\u00e9se tekintet\u00e9ben az \u00e9rintettek r\u00e9sz\u00e9re a sz\u00fcks\u00e9ges t\u00e1j\u00e9koztat\u00e1st megadja, annak \u00e9rdek\u00e9ben, hogy a sz\u00fcks\u00e9ges adatv\u00e9delmi ismeretek birtok\u00e1ban legyenek, \u00e9s\u00a0 gondoskodik arr\u00f3l, hogy megb\u00edzottjai, alkalmazottjai int\u00e9zked\u00e9seik sor\u00e1n az adatbiztons\u00e1g k\u00f6vetelm\u00e9nyeit betartva j\u00e1rjanak el.\u00a0<\/span><\/p><p><span style=\"font-weight: 400;\">Adatkezel\u0151 a tudom\u00e1ny \u00e9s technika fejl\u0151d\u00e9s\u00e9t folyamatosan figyelemmel k\u00eds\u00e9ri, annak \u00e9rdek\u00e9ben, az el\u00e9rhet\u0151 m\u0171szaki, technol\u00f3giai, szervez\u00e9si megold\u00e1sokat, valamint az adatkezel\u00e9sei \u00e1ltal indokolt v\u00e9delmi szintnek megfelel\u0151 megold\u00e1sokat alkalmazza.<\/span><\/p><p><span style=\"font-weight: 400;\">Az adatv\u00e9delmi incidensek megel\u0151z\u00e9se \u00e9s kezel\u00e9se \u00e9rdek\u00e9ben az Adatkezel\u0151 adatv\u00e9delmi tudatoss\u00e1g n\u00f6vel\u0151 int\u00e9zked\u00e9seket hoz, melyek betart\u00e1s\u00e1t ellen\u0151rzi.\u00a0<\/span><\/p><p><span style=\"font-weight: 400;\">Az informatikai rendszerek m\u0171k\u00f6dtet\u00e9se sor\u00e1n az Adatkezel\u0151 a sz\u00fcks\u00e9ges jogosults\u00e1gkezel\u00e9si, bels\u0151 szervez\u00e9si \u00e9s technikai megold\u00e1sok seg\u00edts\u00e9g\u00e9vel biztos\u00edtja, hogy az \u00e9rintettek szem\u00e9lyes adatai illet\u00e9ktelen szem\u00e9lyek birtok\u00e1ba ne juthassanak, illet\u00e9ktelen szem\u00e9lyek az adatokat ne tudj\u00e1k t\u00f6r\u00f6lni, kimenteni a rendszerb\u0151l, vagy m\u00f3dos\u00edtani.\u00a0<\/span><\/p><p><span style=\"font-weight: 400;\">Adatkezel\u0151 Incidenskezel\u00e9si Szab\u00e1lyzattal rendelkezik, illetve az esetleges adatv\u00e9delmi incidensekr\u0151l Incidens Nyilv\u00e1ntart\u00e1st vezet, amennyiben sz\u00fcks\u00e9ges, a felmer\u00fcl\u0151 incidensekr\u0151l t\u00e1j\u00e9koztatja az \u00e9rintettet.\u00a0<\/span><\/p><p><span style=\"font-weight: 400;\">Budapest, 2024.06.01.<\/span><\/p><p><br \/><br \/><br \/><br \/><br \/><\/p>\t\t\t\t\t\t\t\t<\/div>\n\t\t\t\t<\/div>\n\t\t\t\t\t<\/div>\n\t\t\t\t<\/div>\n\t\t\t\t<\/div>\n\t\t","protected":false},"excerpt":{"rendered":"<p>ADATKEZEL\u00c9SI\u00a0SZAB\u00c1LYZAT \u00a0 Hat\u00e1lyos: 2024.06.01-t\u0151l A Szab\u00e1lyzat c\u00e9lja \u00a0 Bevezet\u00e9s\u00a0 \u00a0 A jelen Adatkezel\u00e9si \u00e9s Adatv\u00e9delmi Szab\u00e1lyzat (a tov\u00e1bbiakban: Szab\u00e1lyzat) c\u00e9lja, hogy az Adatkezel\u0151 a https:\/\/www.veganbusinesscircle.hu\/ (\u00e9s https:\/\/novenyikonferencia.hu\/ megnevez\u00e9s\u0171 internetes oldal\u00e1nak l\u00e1togat\u00f3i (a tov\u00e1bbiakban: \u00c9rintettek) sz\u00e1m\u00e1ra biztos\u00edtsa jogaik \u00e9s t\u00f6rv\u00e9nyes \u00e9rdekeinek v\u00e9delm\u00e9t az Adatkezel\u0151 webes adatkezel\u00e9sei sor\u00e1n, valamint el\u0151seg\u00edtse a webes \u00e9s egy\u00e9b adatkezel\u00e9sek sor\u00e1n az [&hellip;]<\/p>\n","protected":false},"author":1,"featured_media":0,"parent":0,"menu_order":0,"comment_status":"closed","ping_status":"closed","template":"","meta":{"_acf_changed":false,"inline_featured_image":false,"footnotes":""},"class_list":["post-734","page","type-page","status-publish","hentry"],"acf":[],"_links":{"self":[{"href":"https:\/\/veganbusinesscircle.com\/hu\/wp-json\/wp\/v2\/pages\/734","targetHints":{"allow":["GET"]}}],"collection":[{"href":"https:\/\/veganbusinesscircle.com\/hu\/wp-json\/wp\/v2\/pages"}],"about":[{"href":"https:\/\/veganbusinesscircle.com\/hu\/wp-json\/wp\/v2\/types\/page"}],"author":[{"embeddable":true,"href":"https:\/\/veganbusinesscircle.com\/hu\/wp-json\/wp\/v2\/users\/1"}],"replies":[{"embeddable":true,"href":"https:\/\/veganbusinesscircle.com\/hu\/wp-json\/wp\/v2\/comments?post=734"}],"version-history":[{"count":11,"href":"https:\/\/veganbusinesscircle.com\/hu\/wp-json\/wp\/v2\/pages\/734\/revisions"}],"predecessor-version":[{"id":7905,"href":"https:\/\/veganbusinesscircle.com\/hu\/wp-json\/wp\/v2\/pages\/734\/revisions\/7905"}],"wp:attachment":[{"href":"https:\/\/veganbusinesscircle.com\/hu\/wp-json\/wp\/v2\/media?parent=734"}],"curies":[{"name":"wp","href":"https:\/\/api.w.org\/{rel}","templated":true}]}}